{"id":1989,"date":"2022-09-14T07:12:41","date_gmt":"2022-09-14T07:12:41","guid":{"rendered":"https:\/\/bursanaklo.pl\/?page_id=1989"},"modified":"2022-10-05T08:20:22","modified_gmt":"2022-10-05T08:20:22","slug":"historia","status":"publish","type":"page","link":"https:\/\/bursanaklo.pl\/index.php\/o-nas\/historia\/","title":{"rendered":"Historia"},"content":{"rendered":"<p>2 \u009fpa\u017adziernika 2006 roku nast\u0105pi\u0142a inauguracja dzia\u0142alno\u015b\u009cci bursy.<br \/>\nPo wst\u0119pnej adaptacji cz\u0119\u015b\u009cci \u201estarego internatu\u201d i uzyskaniu w ekspresowym tempie\u00a0 wszystkich mo\u017cliwych zezwole\u0144, pokoje na parterze zacz\u0119\u0142y si\u0119 zape\u0142nia\u0107 mieszka\u0144cami.<br \/>\nSta\u0142o si\u0119 to mo\u017cliwe przede wszystkim dzi\u0119ki uporowi, dyplomacji i nieust\u0119pliwo\u015b\u009cci prezesa Stowarzyszenia Absolwent\u00f3w Szk\u00f3\u0142 Rolniczych w Nakle \u008c\u015al\u0105skim p.Teodora Horzeli ale tak\u017ce dzi\u0119ki wydajnej pomocy p. Jana Kiedrzyna i p. Zenona Nowaka. Musieli wykaza\u0107 si\u0119 du\u017cymi umiej\u0119tno\u015b\u009cciami remontowo-budowlanymi.<br \/>\nPo przekszta\u0142ceniu internatu szkolnego w burs\u0119, zaistnia\u0142a mo\u017cliwo\u015b\u0107 zamieszkania uczni\u00f3w nie tylko z \u201eRolnika\u201d ale r\u00f3wnie\u017c z innych szk\u00f3\u0142 powiatu tarnog\u00f3rskiego.<br \/>\nNa pocz\u0105tku warunki mieszkaniowe by\u0142y trudne. Wyposa\u017cenie pokoi, czyli tapczaniki, szafy, stoliki, krzes\u0142a liczy\u0142y sobie po 40 lat. Do tego nieszczelne okna, niedomykaj\u0105ce si\u0119 drzwi, stare pod\u0142ogi.<br \/>\nAle poniewa\u017c by\u0107 albo nie by\u0107 wielu uczni\u00f3w zale\u017ca\u0142o od funkcjonowania bursy, zakasali\u009cmy r\u0119kawy i wsp\u00f3lnymi si\u0142ami, przy pomocy m\u0142odzie\u017cy i ich rodzic\u00f3w stworzyli\u009cmy w przeci\u0105gu kilku lat burs\u0119 o wysokich standardach.<\/p>\n<p>Przez 9 lat, dzi\u0119ki Organowi Prowadz\u0105cemu, kt\u00f3rym by\u0142 utworzony przez Stowarzyszenie Absolwent\u00f3w Szk\u00f3\u0142 Rolniczych w Nakle \u015a\u008cl\u0105skim \u2013 Zak\u0142ad Gospodarczy \u201dBursa\u201d SASR sp.k a od 1 stycznia 2017 organem prowadz\u0105cym jest Zak\u0142ad Gospodarczy \u201eBURSA\u201d Sp. z o.o. , wymieniono w bursie wszystko co si\u0119 da\u0142o, a wi\u0119c: tapczaniki, meble, drzwi, okna, instalacj\u0119 elektryczn\u0105, wodn\u0105. Na u\u017cytek m\u0142odzie\u017cy urz\u0105dzono \u009c\u015bwietlic\u0119 z k\u0105cikiem telewizyjnym i stanowiskami komputerowymi z drukark\u0105. Dost\u0119pna jest bezprzewodowa sie\u0107 internetowa, pralka, lod\u00f3wka, k\u0105cik sportowy (ma\u0142a si\u0142ownia, ping pong, bilard i zaj\u0119cia w sali sportowej.<\/p>\n<p>Stworzono pokoje cichej nauki. Dla specjalnych go\u009c\u015bci udost\u0119pniamy 2 pokoje go\u009c\u015bcinne z w\u0142asnymi w\u0119z\u0142ami sanitarnymi. Ogr\u00f3dek zosta\u0142 uprz\u0105tni\u0119ty, uruchomili\u015b\u009cmy ponownie du\u017cy murowany grill, kt\u00f3ry s\u0142u\u017cy nam i go\u015b\u009cciom w czasie ognisk. Tego terenu od 7 lat pilnuje bokser Bursak, kt\u00f3ry trafi\u0142 do nas jako szczeniak.<br \/>\nOpiekun\u00f3w znajduje w\u009cr\u00f3d m\u0142odzie\u017cy. Z innych prac modernizacyjnych wymieni\u0107 nale\u017cy: remonty \u0142azienek i toalet, cz\u0119\u015b\u009cciowe utwardzenie obej\u015b\u009ccia oraz gruntowny remont kuchni i sto\u0142\u00f3wki, korytarzy przy sto\u0142\u00f3wce i w bursie. Od kilku lat posiadamy pe\u0142ny monitoring oraz ochron\u0119 zewn\u0119trzn\u0105.<\/p>\n<p>W\u015b\u009cr\u00f3d pracownik\u00f3w dydaktycznych od samego pocz\u0105tku do chwili obecnej zatrudnieni byli: Jan Kiedrzyn, Zenon Nowak i Iwona Mokrus, p\u00f3\u009fniej rotacyjnie uzupe\u0142niali Grono Pedagogiczne: Joanna Jasiok, \u0141ukasz Janas, Dorota Horzela i \u015b\u009cp. p. Jan Sm\u0119tek. Pracownicy obs\u0142ugi to: Urszula Lipok (od pocz\u0105tku funkcjonowania bursy), Katarzyna Bednarczyk, Sabina Zawodny, El\u017cbieta \u0106wienczek, \u009c\u015bp. p. Jolanta Ronka, Katarzyna Kulaj, Celina Nickel, Sabina Dziuk, Danuta Jany, Adam Pawlik. Ksi\u0119gowo\u015b\u009cci\u0105 zajmuje si\u0119 p. Katarzyna Was\u0105\u017cnik (Horzela). Dotychczas zapewnili\u009cmy pobyt dla 252 uczni\u00f3w \u2013 138 dziewcz\u0105t i 114 ch\u0142opc\u00f3w, ws\u009cr\u00f3d nich jest 76 absolwent\u00f3w \u2013 40 dziewczyn i 36 ch\u0142opc\u00f3w.<\/p>\n<p>Wielu wychowank\u00f3w bursy otrzyma\u0142o nagrody i wyr\u00f3\u017cnienia. W czasie swojego pobytu w bursie wyr\u00f3\u017cnili si\u0119:<br \/>\nAgata Ko\u017cuchowicz, Justyna B\u0119dkowska, Edyta Wojciechowska i Marlena Szweda. Ze sta\u0142ych sympatycznych tradycji w Bursie nale\u017cy wymieni\u0107: Ch\u0142opaki Bursaki, z Kociaka w Bursaka, Wigilia czy Po\u017cegnanie Maturzyst\u00f3w. Cztery razy (2006, 2009, 2010, 2013) go\u009c\u015bcili\u015b\u009cmy francuskich r\u00f3wie\u015b\u009cnik\u00f3w jako naszych mieszka\u0144c\u00f3w w ramach wymiany uczniowskiej. Za ka\u017cdym razem te trzytygodniowe pobyty w naszych murach ko\u0144czy\u0142y si\u0119 pi\u0119knymi i trwa\u0142ymi przyja\u017a\u009fniami. Z innych zacnych go\u009cci mo\u017cna wymieni\u0107: trzykrotne warsztaty muzyczne<br \/>\nw\u0119gierskiego ch\u00f3ru im. Chopina z Bekescaby, wycieczk\u0119 grupy liturgicznej z parafi Buk, pobyt dzieci bia\u0142oruskich z Grodna, uczestnik\u00f3w Og\u00f3lnopolskiego Pleneru Malarskiego, olimpijczyk\u00f3w (z 25 szk\u00f3\u0142) i juror\u00f3w XXXVII edycji Olimpiady Wiedzy i Umiej\u0119tno\u015b\u009cci Rolniczych oraz rapera Dobromira \u201eMAK\u201d Makowskiego.<\/p>\n<p>Udzielili\u009c\u015bmy r\u00f3wnie\u017c kilkudniowego schronienia miejscowym pogorzelcom.<br \/>\n\u201eBursa by\u0142a zawsze dla mnie drugim domem i na zawsze nim pozostanie.<br \/>\nNigdy nie zapomn\u0119 tych czterech lat sp\u0119dzonych w bursie i ludzi, kt\u00f3rych pozna\u0142em\u201d \u2013 Maciej B\u0119dkowski (2006 \u2013 2010)<\/p>\n","protected":false},"excerpt":{"rendered":"<p>2 \u009fpa\u017adziernika 2006 roku nast\u0105pi\u0142a inauguracja dzia\u0142alno\u015b\u009cci bursy. Po wst\u0119pnej adaptacji cz\u0119\u015b\u009cci \u201estarego internatu\u201d i uzyskaniu w ekspresowym tempie\u00a0 wszystkich mo\u017cliwych zezwole\u0144, pokoje na parterze zacz\u0119\u0142y si\u0119 zape\u0142nia\u0107 mieszka\u0144cami. Sta\u0142o si\u0119 to mo\u017cliwe przede wszystkim dzi\u0119ki uporowi, dyplomacji i nieust\u0119pliwo\u015b\u009cci prezesa Stowarzyszenia Absolwent\u00f3w Szk\u00f3\u0142 Rolniczych w Nakle \u008c\u015al\u0105skim p.Teodora Horzeli [&hellip;]<\/p>\n","protected":false},"author":1,"featured_media":0,"parent":1987,"menu_order":0,"comment_status":"closed","ping_status":"closed","template":"","meta":{"ngg_post_thumbnail":0,"footnotes":""},"class_list":["post-1989","page","type-page","status-publish","hentry"],"_links":{"self":[{"href":"https:\/\/bursanaklo.pl\/index.php\/wp-json\/wp\/v2\/pages\/1989","targetHints":{"allow":["GET"]}}],"collection":[{"href":"https:\/\/bursanaklo.pl\/index.php\/wp-json\/wp\/v2\/pages"}],"about":[{"href":"https:\/\/bursanaklo.pl\/index.php\/wp-json\/wp\/v2\/types\/page"}],"author":[{"embeddable":true,"href":"https:\/\/bursanaklo.pl\/index.php\/wp-json\/wp\/v2\/users\/1"}],"replies":[{"embeddable":true,"href":"https:\/\/bursanaklo.pl\/index.php\/wp-json\/wp\/v2\/comments?post=1989"}],"version-history":[{"count":3,"href":"https:\/\/bursanaklo.pl\/index.php\/wp-json\/wp\/v2\/pages\/1989\/revisions"}],"predecessor-version":[{"id":2109,"href":"https:\/\/bursanaklo.pl\/index.php\/wp-json\/wp\/v2\/pages\/1989\/revisions\/2109"}],"up":[{"embeddable":true,"href":"https:\/\/bursanaklo.pl\/index.php\/wp-json\/wp\/v2\/pages\/1987"}],"wp:attachment":[{"href":"https:\/\/bursanaklo.pl\/index.php\/wp-json\/wp\/v2\/media?parent=1989"}],"curies":[{"name":"wp","href":"https:\/\/api.w.org\/{rel}","templated":true}]}}